{"id":564,"date":"2025-02-15T10:27:56","date_gmt":"2025-02-15T09:27:56","guid":{"rendered":"https:\/\/kontaktoo.com\/?post_type=organisation&#038;p=564"},"modified":"2025-02-15T10:27:57","modified_gmt":"2025-02-15T09:27:57","slug":"autohaus-sueverkruep-gmbh-co-kg","status":"publish","type":"organisation","link":"https:\/\/kontaktoo.com\/en\/organisation\/autohaus-sueverkruep-gmbh-co-kg\/","title":{"rendered":"Autohaus S\u00fcverkr\u00fcp GmbH &amp; Co.KG\u00a0"},"content":{"rendered":"\n<h3 class=\"wp-block-heading\">Kontakt<\/h3>\n\n\n\n<h4 class=\"wp-block-heading\">Autohaus S\u00fcverkr\u00fcp GmbH &amp; Co.KG<\/h4>\n\n\n\n<p>Holzkoppelweg 18<\/p>\n\n\n\n<p>24118 Kiel<\/p>\n\n\n\n<p>Deutschland<\/p>\n\n\n\n<p><a href=\"tel:+49 431 - 5 46 46 35\">+49 431 &#8211; 5 46 46 35<\/a><\/p>\n\n\n\n<figure class=\"wp-block-embed is-type-wp-embed is-provider-s-verkr-p wp-block-embed-s-verkr-p\"><div class=\"wp-block-embed__wrapper\">\n<blockquote hcb-fetch-image-from=\"https:\/\/www.sueverkruep.de\" class=\"wp-embedded-content\" data-secret=\"VV8GrRRbVf\"><a href=\"https:\/\/www.sueverkruep.de\/\">S\u00fcverkr\u00fcp &#8211; Startseite<\/a><\/blockquote><iframe loading=\"lazy\" class=\"wp-embedded-content\" sandbox=\"allow-scripts\" security=\"restricted\" style=\"position: absolute; visibility: hidden;\" title=\"&#8222;S\u00fcverkr\u00fcp &#8211; Startseite&#8220; &#8211; S\u00fcverkr\u00fcp\" src=\"https:\/\/www.sueverkruep.de\/embed\/#?secret=16g7fFoYhV#?secret=VV8GrRRbVf\" data-secret=\"VV8GrRRbVf\" width=\"600\" height=\"338\" frameborder=\"0\" marginwidth=\"0\" marginheight=\"0\" scrolling=\"no\"><\/iframe>\n<\/div><\/figure>\n\n\n\n<p><a href=\"mailto:info@sueverkruep.de\">info@sueverkruep.de<\/a><\/p>\n\n\n\n<h3 class=\"wp-block-heading\">Kategorien<\/h3>\n\n\n\n<ul class=\"wp-block-list\">\n<li>Caravan\n<ul class=\"wp-block-list\">\n<li>Fahrzeuge\n<ul class=\"wp-block-list\">\n<li>Campervans, Wohnvans, Kastenwagen<\/li>\n\n\n\n<li>Campingbusse<\/li>\n\n\n\n<li>H\u00e4ndler<\/li>\n\n\n\n<li>Reisemobile, Wohnmobile<\/li>\n\n\n\n<li>Sonderfahrzeuge, Individualausbau<\/li>\n\n\n\n<li>Teilintegrierte Reisemobile<\/li>\n<\/ul>\n<\/li>\n<\/ul>\n<\/li>\n<\/ul>\n\n\n\n<p>Jetzt teilen!&nbsp;<a href=\"https:\/\/www.facebook.com\/sharer\/sharer.php?u=https:\/\/www.messe-stuttgart.de\/reisenhamburg\/ausstellung\/unternehmen-produkte\/ausstellerverzeichnis#\/exhibitor\/469803\" target=\"_blank\" rel=\"noreferrer noopener\"><\/a>&nbsp;<a href=\"https:\/\/twitter.com\/share?url=https:\/\/www.messe-stuttgart.de\/reisenhamburg\/ausstellung\/unternehmen-produkte\/ausstellerverzeichnis#\/exhibitor\/469803\" target=\"_blank\" rel=\"noreferrer noopener\"><\/a>&nbsp;<a href=\"http:\/\/www.linkedin.com\/shareArticle?mini=true&amp;url=https:\/\/www.messe-stuttgart.de\/reisenhamburg\/ausstellung\/unternehmen-produkte\/ausstellerverzeichnis#\/exhibitor\/469803\" target=\"_blank\" rel=\"noreferrer noopener\"><\/a><\/p>\n\n\n\n<p>Besuchen<\/p>\n\n\n\n<ul class=\"wp-block-list\">\n<li><a href=\"https:\/\/www.messe-stuttgart.de\/reisenhamburg\/tickets-oeffnungszeiten\">Tickets &amp; \u00d6ffnungszeiten<\/a><\/li>\n<\/ul>\n","protected":false},"template":"","class_list":["post-564","organisation","type-organisation","status-publish","hentry"],"blocksy_meta":[],"_links":{"self":[{"href":"https:\/\/kontaktoo.com\/en\/wp-json\/wp\/v2\/organisation\/564","targetHints":{"allow":["GET"]}}],"collection":[{"href":"https:\/\/kontaktoo.com\/en\/wp-json\/wp\/v2\/organisation"}],"about":[{"href":"https:\/\/kontaktoo.com\/en\/wp-json\/wp\/v2\/types\/organisation"}],"wp:attachment":[{"href":"https:\/\/kontaktoo.com\/en\/wp-json\/wp\/v2\/media?parent=564"}],"curies":[{"name":"wp","href":"https:\/\/api.w.org\/{rel}","templated":true}]}}